{"id":76,"date":"2015-07-15T22:27:50","date_gmt":"2015-07-15T20:27:50","guid":{"rendered":"http:\/\/www.fewo-fritz-ahlbeck.de\/wordpress\/?page_id=76"},"modified":"2025-09-16T09:05:55","modified_gmt":"2025-09-16T07:05:55","slug":"agb","status":"publish","type":"page","link":"https:\/\/www.fewo-fritz-ahlbeck.de\/wordpress\/agb\/","title":{"rendered":"AGB- Rechtliches"},"content":{"rendered":"<h3 style=\"text-align: center;\"><strong><u>Allgemeine Gesch\u00e4ftsbedingungen <\/u><\/strong><\/h3>\n<h3 style=\"text-align: center;\"><strong><u>(AGB)<\/u><\/strong><u><\/u><\/h3>\n<p style=\"text-align: justify;\"><strong><u>Leistungsbeschreibung<br \/>\n<\/u><\/strong><strong><u><br \/>\n<\/u><\/strong>Gegenstand des Vertrages, ist die im Buchungsangebot zur Vermietung beschriebene Ferienunterkunft (Ferienwohnung).<\/p>\n<p style=\"text-align: justify;\"><strong><u>Miet- \/Beherbergungsvertrag<br \/>\n<\/u><\/strong><strong><u><br \/>\n<\/u><\/strong>Mit Ihrer Buchungsanfrage per Mail oder Telefon bieten Sie verbindlich den Abschluss eines Miet-\/ Beherbergungsvertrag an. \u00dcber die Annahme des Vertrags informieren wir Sie durch \u00dcbersendung eines Buchungsangebotes mit Leistungs- und Preisangaben. Durch die R\u00fccksendung des von Ihnen unterzeichneten Buchungsangebotes, kommt dieser Vertrag zu Stande und Sie akzeptieren diese AGB`s. <em>(auf die AGB\u00b4s &#8211; wird gesondert im Buchungsangebot hingewiesen)<\/em><\/p>\n<p style=\"text-align: justify;\">Strom- und Wasserkosten sowie Bettw\u00e4sche und Handt\u00fccher sind im Mietpreis enthalten. Die Endreinigung in einer der Ferienwohnungen wird durch den Vermieter veranlasst, diese Kosten tr\u00e4gt der Mieter.<\/p>\n<p style=\"text-align: justify;\"><strong><u>Zahlungen<br \/>\n<\/u><\/strong><br \/>\n<strong>Sofern<\/strong> &#8211; mit dem Buchungsangebot eine Anzahlung gefordert wird, wird die Buchung erst mit Zahlung der An-zahlung verbindlich. Die Anzahlung betr\u00e4gt \u00fcblicherweise 20 % der Gesamtkosten. Die Anzahlung ist im Voraus auf das vom Vermieter angegebene Konto zu \u00fcberweisen.<br \/>\nSollte die Anzahlung nicht bis zum genannten Termin erfolgen, ist der Vermieter berechtigt, vom Mietangebot zur\u00fcckzutreten und die Ferienwohnung anderweitig zu vermieten. Der restliche Mietpreis zuz\u00fcglich der orts\u00fcblichen Kurtaxe ist am Anreisetag in bar zu entrichten.<\/p>\n<p style=\"text-align: justify;\">Bei kurzfristigen Buchungen kann auf eine Anzahlung verzichtet werden. In diesem Falle, ist der gesamte Mietpreis am Anreisetag in bar zuz\u00fcglich orts\u00fcblicher Kurtaxe zu entrichten.<br \/>\n<strong><u><br \/>\nR\u00fccktritt durch den Gast, Umbuchung<br \/>\n<\/u><\/strong><strong><u><br \/>\n<\/u><\/strong>Sie k\u00f6nnen jederzeit vor Reisebeginn von dem Miet-\/ Beherbergungsvertrag zur\u00fccktreten. Die Reiser\u00fccktrittserkl\u00e4rung muss schriftlich erfolgen. Der Vermieter beh\u00e4lt sich das Recht vor, R\u00fccktrittsgeb\u00fchren (Stornogeb\u00fchren) zu erheben. Diese sind wie folgt gestaffelt:<\/p>\n<table width=\"64%\">\n<tbody>\n<tr>\n<td width=\"255\">\u2022 ab Buchung bis 30 Tage vor Mietbeginn<\/td>\n<td width=\"189\">= 20 % des Mietpreises<\/td>\n<\/tr>\n<tr>\n<td width=\"255\">\u2022 bis 15 Tage vor Mietbeginn<\/td>\n<td width=\"189\">= 30 % des Mietpreises<\/td>\n<\/tr>\n<tr>\n<td width=\"255\">\u2022 bis\u00a0 \u00a07 Tage vor Mietbeginn<\/td>\n<td width=\"189\">= 50 % des Mietpreises<\/td>\n<\/tr>\n<tr>\n<td width=\"255\">\u2022 ab\u00a0 \u00a06 Tage vor Mietbeginn<\/td>\n<td width=\"189\">= 80 % des Mietpreises<\/td>\n<\/tr>\n<\/tbody>\n<\/table>\n<p style=\"text-align: justify;\">Bei einer Buchung f\u00fcr den gleichen Zeitraum und zu den gleichen Bedingungen durch einen anderen Mieter fallen keine Stornokosten an. \u2013 Bei vorheriger Abreise des Mieters werden keine Mietkosten zur\u00fcckerstattet.<br \/>\nUmbuchungen, soweit m\u00f6glich, werden von uns bis 8 Wochen vor Mietbeginn geb\u00fchrenfrei vorgenommen.<\/p>\n<p><strong>Unser Tipp: Sicher Urlaub machen \u2013 Storno ohne Risiko<\/strong><\/p>\n<p style=\"text-align: justify;\">Damit Sie bei Stornierung oder Abbruch Ihres Urlaubs aufgrund von Erkrankung, Unfall oder Arbeitslosigkeit \u2013 auch innerhalb der Familie \u2013 m\u00f6gliche finanzielle Verluste ersetzt bekommen, empfehlen wir Ihnen die Produkte unseres Partners ERGO Reiseversicherung, dem Marktf\u00fchrer unter den Reiseversicherern in Deutschland. <a href=\"https:\/\/app.ergo-reiseversicherung.de\/ba4\/landingPage.html?appname=ba-tid&amp;partnerid=023608000000\">Jetzt vorsorgen und Reiseschutz abschlie\u00dfen &gt;&gt;<\/a><\/p>\n<p style=\"text-align: justify;\"><strong><u>Mietdauer \/ An- und Abreise<\/u><\/strong><\/p>\n<p style=\"text-align: justify;\">Das Mietverh\u00e4ltnis gilt nur f\u00fcr die best\u00e4tigte Zeit. Einlass in das Mietobjekt ist am Anreisetag ab 15.00 Uhr. Die Abreise hat bis 10.00 Uhr zu erfolgen. Sofern die Belegung es zul\u00e4sst, sind abweichende An- und Abreisezeiten m\u00f6glich, welche Sie uns im Angebot schon vorab mitteilen wollen.<\/p>\n<p style=\"text-align: justify;\"><strong><u>Haftung und Pflichten des Mieters<\/u><\/strong><\/p>\n<p style=\"text-align: justify;\"><strong>Schl\u00fcssel &#8211; <\/strong>Bei verloren gegangenem Wohnungsschl\u00fcssel, Torschl\u00fcssel und\/oder Tresorschl\u00fcssel ist der Ferienwohnungsmieter verpflichtet f\u00fcr die Kosten (neuer Schl\u00fcssel und\/oder f\u00fcr den Austausch des Schlosses oder den Austausch des Tresores) aufzukommen.<\/p>\n<p style=\"text-align: justify;\">Der Mieter haftet f\u00fcr die Dauer der Vermietung f\u00fcr Sch\u00e4den am Ferienobjekt, wenn diese durch ihn verschuldet wurden. Er haftet auch f\u00fcr alle anderen Reiseteilnehmer, die ihn begleiten. Bei der Nutzung der Terrasse\/Balkon, haben Eltern auf ihr Kinder zu achten!<\/p>\n<p style=\"text-align: justify;\"><strong>Das Laden von elektrischen Ger\u00e4ten (Handys, E-Bike-Akkus etc.) hat <u>nur<\/u> unter Aufsicht zu erfolgen, bei Sch\u00e4den haftet der Ferienwohnungsmieter.<br \/>\n<\/strong><\/p>\n<p style=\"text-align: justify;\"><span style=\"color: #ff0000;\"><em><u><strong>Ausdr\u00fccklich,<\/strong> <\/u><\/em><\/span><\/p>\n<p style=\"text-align: justify;\"><span style=\"color: #ff0000;\">&#8211; ist in den Ferienwohnungen\u00a0 &#8211; mit Ausnahme auf Balkon und Terrasse &#8211; das <\/span><span style=\"color: #ff0000;\">Rauchen untersagt!<\/span><\/p>\n<p style=\"text-align: justify;\"><span style=\"color: #ff0000;\">&#8211; Im Haus wo die Fewo &#8222;Strandl\u00e4ufer&#8220; sich befindet, ist eine Hebeanlage mit Pumpe f\u00fcrs Abwasser verbaut, es d\u00fcrfen in Dusche und Toilette <\/span><span style=\"color: #ff0000;\">keine Hygieneprodukte, K\u00fcchenrollen, Kosmetikt\u00fccher, Abf\u00e4lle, Essensreste, sch\u00e4dliche Fl\u00fcssigkeiten, <\/span><span style=\"color: #ff0000;\">Fette o.\u00e4. geworfen bzw. gesch\u00fcttet werden, da es sonst zu unangenehmen Verstopfungen oder es an der <\/span><span style=\"color: #ff0000;\">Hebeanlage zu Sch\u00e4den kommen kann!<\/span><\/p>\n<p style=\"text-align: justify;\"><span style=\"color: #ff0000;\">&#8211; auch f\u00fcr alle anderen Ferienwohnungen von uns gilt, es sind in den B\u00e4dern keine Hygieneprodukte und auch keine Essensreste in der Toilette zu entsorgen!<\/span><\/p>\n<p style=\"text-align: justify;\"><strong><u>Weitere allgemeine Bedingungen<\/u><\/strong><\/p>\n<p style=\"text-align: justify;\">Nichtbeachten und grob widriges Verhalten k\u00f6nnen eine sofortige Aufl\u00f6sung des Vertrages zur Folge haben.<\/p>\n<p style=\"text-align: justify;\">Die Unwirksamkeit einzelner Bestimmungen des Mietvertrages l\u00e4sst die G\u00fcltigkeit der \u00fcbrigen Regelungen unber\u00fchrt.<\/p>\n","protected":false},"excerpt":{"rendered":"<p>Allgemeine Gesch\u00e4ftsbedingungen (AGB) Leistungsbeschreibung Gegenstand des Vertrages, ist die im Buchungsangebot zur Vermietung beschriebene Ferienunterkunft (Ferienwohnung). Miet- \/Beherbergungsvertrag Mit Ihrer Buchungsanfrage per Mail oder Telefon bieten Sie verbindlich den Abschluss eines Miet-\/ Beherbergungsvertrag an. \u00dcber die Annahme des Vertrags informieren&hellip; <\/p>\n","protected":false},"author":2,"featured_media":0,"parent":0,"menu_order":0,"comment_status":"closed","ping_status":"closed","template":"","meta":{"jetpack_post_was_ever_published":false,"footnotes":""},"class_list":["post-76","page","type-page","status-publish","hentry"],"yoast_head":"<!-- This site is optimized with the Yoast SEO plugin v27.5 - https:\/\/yoast.com\/product\/yoast-seo-wordpress\/ -->\n<title>AGB- Rechtliches - Ferienwohnungen Familie Fritz<\/title>\n<meta name=\"description\" content=\"Allgemeine Gesch\u00e4ftsbedingungen (AGB) zu den Ferienwohnungen &quot;Leuchtturm&quot; &amp; &quot;Seestern&quot; von Familie Fritz im Seebad Ahlbeck.\" \/>\n<meta name=\"robots\" content=\"index, follow, max-snippet:-1, max-image-preview:large, max-video-preview:-1\" \/>\n<link rel=\"canonical\" href=\"https:\/\/www.fewo-fritz-ahlbeck.de\/wordpress\/agb\/\" \/>\n<meta property=\"og:locale\" content=\"de_DE\" \/>\n<meta property=\"og:type\" content=\"article\" \/>\n<meta property=\"og:title\" content=\"AGB- Rechtliches - Ferienwohnungen Familie Fritz\" \/>\n<meta property=\"og:description\" content=\"Allgemeine Gesch\u00e4ftsbedingungen (AGB) zu den Ferienwohnungen &quot;Leuchtturm&quot; &amp; &quot;Seestern&quot; von Familie Fritz im Seebad Ahlbeck.\" \/>\n<meta property=\"og:url\" content=\"https:\/\/www.fewo-fritz-ahlbeck.de\/wordpress\/agb\/\" \/>\n<meta property=\"og:site_name\" content=\"Ferienwohnungen Familie Fritz\" \/>\n<meta property=\"article:publisher\" content=\"https:\/\/www.facebook.com\/fewo.fritz\/\" \/>\n<meta property=\"article:modified_time\" content=\"2025-09-16T07:05:55+00:00\" \/>\n<meta property=\"og:image\" content=\"https:\/\/i0.wp.com\/www.fewo-fritz-ahlbeck.de\/wordpress\/wp-content\/uploads\/2015\/07\/20140614-IMG_1650_I.jpg?fit=1011%2C674&ssl=1\" \/>\n\t<meta property=\"og:image:width\" content=\"1011\" \/>\n\t<meta property=\"og:image:height\" content=\"674\" \/>\n\t<meta property=\"og:image:type\" content=\"image\/jpeg\" \/>\n<meta name=\"twitter:card\" content=\"summary_large_image\" \/>\n<meta name=\"twitter:label1\" content=\"Gesch\u00e4tzte Lesezeit\" \/>\n\t<meta name=\"twitter:data1\" content=\"4\u00a0Minuten\" \/>\n<script type=\"application\/ld+json\" class=\"yoast-schema-graph\">{\"@context\":\"https:\\\/\\\/schema.org\",\"@graph\":[{\"@type\":\"WebPage\",\"@id\":\"https:\\\/\\\/www.fewo-fritz-ahlbeck.de\\\/wordpress\\\/agb\\\/\",\"url\":\"https:\\\/\\\/www.fewo-fritz-ahlbeck.de\\\/wordpress\\\/agb\\\/\",\"name\":\"AGB- Rechtliches - Ferienwohnungen Familie Fritz\",\"isPartOf\":{\"@id\":\"https:\\\/\\\/www.fewo-fritz-ahlbeck.de\\\/wordpress\\\/#website\"},\"datePublished\":\"2015-07-15T20:27:50+00:00\",\"dateModified\":\"2025-09-16T07:05:55+00:00\",\"description\":\"Allgemeine Gesch\u00e4ftsbedingungen (AGB) zu den Ferienwohnungen \\\"Leuchtturm\\\" & \\\"Seestern\\\" von Familie Fritz im Seebad Ahlbeck.\",\"breadcrumb\":{\"@id\":\"https:\\\/\\\/www.fewo-fritz-ahlbeck.de\\\/wordpress\\\/agb\\\/#breadcrumb\"},\"inLanguage\":\"de\",\"potentialAction\":[{\"@type\":\"ReadAction\",\"target\":[\"https:\\\/\\\/www.fewo-fritz-ahlbeck.de\\\/wordpress\\\/agb\\\/\"]}]},{\"@type\":\"BreadcrumbList\",\"@id\":\"https:\\\/\\\/www.fewo-fritz-ahlbeck.de\\\/wordpress\\\/agb\\\/#breadcrumb\",\"itemListElement\":[{\"@type\":\"ListItem\",\"position\":1,\"name\":\"Startseite\",\"item\":\"https:\\\/\\\/www.fewo-fritz-ahlbeck.de\\\/wordpress\\\/\"},{\"@type\":\"ListItem\",\"position\":2,\"name\":\"AGB- Rechtliches\"}]},{\"@type\":\"WebSite\",\"@id\":\"https:\\\/\\\/www.fewo-fritz-ahlbeck.de\\\/wordpress\\\/#website\",\"url\":\"https:\\\/\\\/www.fewo-fritz-ahlbeck.de\\\/wordpress\\\/\",\"name\":\"Ferienwohnung &amp; Ferienzimmer Fam. Fritz\",\"description\":\"Entspannung, Leben, Erleben Sie die Insel Usedom und verbringen Sie ein paar sch\u00f6ne Tage auf der Insel...\",\"potentialAction\":[{\"@type\":\"SearchAction\",\"target\":{\"@type\":\"EntryPoint\",\"urlTemplate\":\"https:\\\/\\\/www.fewo-fritz-ahlbeck.de\\\/wordpress\\\/?s={search_term_string}\"},\"query-input\":{\"@type\":\"PropertyValueSpecification\",\"valueRequired\":true,\"valueName\":\"search_term_string\"}}],\"inLanguage\":\"de\"}]}<\/script>\n<!-- \/ Yoast SEO plugin. -->","yoast_head_json":{"title":"AGB- Rechtliches - Ferienwohnungen Familie Fritz","description":"Allgemeine Gesch\u00e4ftsbedingungen (AGB) zu den Ferienwohnungen \"Leuchtturm\" & \"Seestern\" von Familie Fritz im Seebad Ahlbeck.","robots":{"index":"index","follow":"follow","max-snippet":"max-snippet:-1","max-image-preview":"max-image-preview:large","max-video-preview":"max-video-preview:-1"},"canonical":"https:\/\/www.fewo-fritz-ahlbeck.de\/wordpress\/agb\/","og_locale":"de_DE","og_type":"article","og_title":"AGB- Rechtliches - Ferienwohnungen Familie Fritz","og_description":"Allgemeine Gesch\u00e4ftsbedingungen (AGB) zu den Ferienwohnungen \"Leuchtturm\" & \"Seestern\" von Familie Fritz im Seebad Ahlbeck.","og_url":"https:\/\/www.fewo-fritz-ahlbeck.de\/wordpress\/agb\/","og_site_name":"Ferienwohnungen Familie Fritz","article_publisher":"https:\/\/www.facebook.com\/fewo.fritz\/","article_modified_time":"2025-09-16T07:05:55+00:00","og_image":[{"width":1011,"height":674,"url":"https:\/\/i0.wp.com\/www.fewo-fritz-ahlbeck.de\/wordpress\/wp-content\/uploads\/2015\/07\/20140614-IMG_1650_I.jpg?fit=1011%2C674&ssl=1","type":"image\/jpeg"}],"twitter_card":"summary_large_image","twitter_misc":{"Gesch\u00e4tzte Lesezeit":"4\u00a0Minuten"},"schema":{"@context":"https:\/\/schema.org","@graph":[{"@type":"WebPage","@id":"https:\/\/www.fewo-fritz-ahlbeck.de\/wordpress\/agb\/","url":"https:\/\/www.fewo-fritz-ahlbeck.de\/wordpress\/agb\/","name":"AGB- Rechtliches - Ferienwohnungen Familie Fritz","isPartOf":{"@id":"https:\/\/www.fewo-fritz-ahlbeck.de\/wordpress\/#website"},"datePublished":"2015-07-15T20:27:50+00:00","dateModified":"2025-09-16T07:05:55+00:00","description":"Allgemeine Gesch\u00e4ftsbedingungen (AGB) zu den Ferienwohnungen \"Leuchtturm\" & \"Seestern\" von Familie Fritz im Seebad Ahlbeck.","breadcrumb":{"@id":"https:\/\/www.fewo-fritz-ahlbeck.de\/wordpress\/agb\/#breadcrumb"},"inLanguage":"de","potentialAction":[{"@type":"ReadAction","target":["https:\/\/www.fewo-fritz-ahlbeck.de\/wordpress\/agb\/"]}]},{"@type":"BreadcrumbList","@id":"https:\/\/www.fewo-fritz-ahlbeck.de\/wordpress\/agb\/#breadcrumb","itemListElement":[{"@type":"ListItem","position":1,"name":"Startseite","item":"https:\/\/www.fewo-fritz-ahlbeck.de\/wordpress\/"},{"@type":"ListItem","position":2,"name":"AGB- Rechtliches"}]},{"@type":"WebSite","@id":"https:\/\/www.fewo-fritz-ahlbeck.de\/wordpress\/#website","url":"https:\/\/www.fewo-fritz-ahlbeck.de\/wordpress\/","name":"Ferienwohnung &amp; Ferienzimmer Fam. Fritz","description":"Entspannung, Leben, Erleben Sie die Insel Usedom und verbringen Sie ein paar sch\u00f6ne Tage auf der Insel...","potentialAction":[{"@type":"SearchAction","target":{"@type":"EntryPoint","urlTemplate":"https:\/\/www.fewo-fritz-ahlbeck.de\/wordpress\/?s={search_term_string}"},"query-input":{"@type":"PropertyValueSpecification","valueRequired":true,"valueName":"search_term_string"}}],"inLanguage":"de"}]}},"jetpack_sharing_enabled":false,"_links":{"self":[{"href":"https:\/\/www.fewo-fritz-ahlbeck.de\/wordpress\/wp-json\/wp\/v2\/pages\/76","targetHints":{"allow":["GET"]}}],"collection":[{"href":"https:\/\/www.fewo-fritz-ahlbeck.de\/wordpress\/wp-json\/wp\/v2\/pages"}],"about":[{"href":"https:\/\/www.fewo-fritz-ahlbeck.de\/wordpress\/wp-json\/wp\/v2\/types\/page"}],"author":[{"embeddable":true,"href":"https:\/\/www.fewo-fritz-ahlbeck.de\/wordpress\/wp-json\/wp\/v2\/users\/2"}],"replies":[{"embeddable":true,"href":"https:\/\/www.fewo-fritz-ahlbeck.de\/wordpress\/wp-json\/wp\/v2\/comments?post=76"}],"version-history":[{"count":5,"href":"https:\/\/www.fewo-fritz-ahlbeck.de\/wordpress\/wp-json\/wp\/v2\/pages\/76\/revisions"}],"predecessor-version":[{"id":743,"href":"https:\/\/www.fewo-fritz-ahlbeck.de\/wordpress\/wp-json\/wp\/v2\/pages\/76\/revisions\/743"}],"wp:attachment":[{"href":"https:\/\/www.fewo-fritz-ahlbeck.de\/wordpress\/wp-json\/wp\/v2\/media?parent=76"}],"curies":[{"name":"wp","href":"https:\/\/api.w.org\/{rel}","templated":true}]}}